{"id":52045,"date":"2025-11-12T13:26:59","date_gmt":"2025-11-12T12:26:59","guid":{"rendered":"https:\/\/www.skischule-hofsgrund.de\/?page_id=52045"},"modified":"2025-11-12T13:28:51","modified_gmt":"2025-11-12T12:28:51","slug":"anmeldeformular-2025-2026","status":"publish","type":"page","link":"https:\/\/www.skischule-hofsgrund.de\/index.php\/anmeldeformular-2025-2026\/","title":{"rendered":"Anmeldeformular 2025\/2026"},"content":{"rendered":"<div      class=\"vc_row wpb_row section vc_row-fluid grid_section\" style=' text-align:left;'><div class=\" section_inner clearfix\"><div class='section_inner_margin clearfix'><div class=\"wpb_column vc_column_container vc_col-sm-2\"><div class=\"wpb_wrapper\"><\/div><\/div><div class=\"wpb_column vc_column_container vc_col-sm-8 vc_custom_1445612413299\"><div class=\"wpb_wrapper\">    <div class=\"vc_empty_space\"  style=\"height: 50px\" ><span class=\"vc_empty_space_inner\"><div class=\"empty_space_image\"\n                 ><\/div>\n<\/span><\/div>\n\n\n\t<div class=\"wpb_text_column wpb_content_element \">\n\t\t<div class=\"wpb_wrapper\">\n\t\t\t<h1 style=\"text-align: center;\">Anmeldung 2025\/2026<\/h1>\n\n\t\t<\/div> \n\t<\/div>     <div class=\"vc_empty_space\"  style=\"height: 30px\" ><span class=\"vc_empty_space_inner\"><div class=\"empty_space_image\"\n                 ><\/div>\n<\/span><\/div>\n\n<div class=\"q_separator_with_icon with_icon  center  \" style=\"\"><div class=\"q_icon_holder\" style=\"bottom:-12.5px;\"><div class=\"q_separator_icon_holder\"><div class=\"q_line_before\"  style=\"border-color: #f0a500;border-bottom-width:4px;width:80px;border-style: solid;margin-bottom:-2px;\"><\/div><span class=\"q_icon_shade q_icon_shortcode font_awesome normal  \"  style=\" \"><i class=\"qode_icon_font_awesome fa  \" style=\"font-size: 25px;line-height:27px; \" ><\/i><\/span><div class=\"q_line_after\"  style=\"border-color: #f0a500;border-bottom-width:4px;width:80px;border-style: solid;margin-bottom:-2px;\"><\/div><\/div><\/div><\/div>    <div class=\"vc_empty_space\"  style=\"height: 40px\" ><span class=\"vc_empty_space_inner\"><div class=\"empty_space_image\"\n                 ><\/div>\n<\/span><\/div>\n\n<\/div><\/div><div class=\"wpb_column vc_column_container vc_col-sm-2\"><div class=\"wpb_wrapper\"><\/div><\/div><\/div><\/div><\/div><div      class=\"vc_row wpb_row section vc_row-fluid grid_section\" style=' padding-bottom:50px; text-align:left;'><div class=\" section_inner clearfix\"><div class='section_inner_margin clearfix'><div class=\"wpb_column vc_column_container vc_col-sm-2\"><div class=\"wpb_wrapper\"><\/div><\/div><div class=\"wpb_column vc_column_container vc_col-sm-8 vc_custom_1445603960480\"><div class=\"wpb_wrapper\">\n\t<div class=\"wpb_text_column wpb_content_element \">\n\t\t<div class=\"wpb_wrapper\">\n\t\t\t<h2>Anmeldeformular<\/h2>\n\n\t\t<\/div> \n\t<\/div>     <div class=\"vc_empty_space\"  style=\"height: 40px\" ><span class=\"vc_empty_space_inner\"><div class=\"empty_space_image\"\n                 ><\/div>\n<\/span><\/div>\n\n<div role=\"form\" class=\"wpcf7\" id=\"wpcf7-f52043-o1\" lang=\"de-DE\" dir=\"ltr\">\n<div class=\"screen-reader-response\"><\/div>\n<form action=\"\/index.php\/wp-json\/wp\/v2\/pages\/52045#wpcf7-f52043-o1\" method=\"post\" class=\"wpcf7-form cf7_custom_style_1\" novalidate=\"novalidate\">\n<div style=\"display: none;\">\n<input type=\"hidden\" name=\"_wpcf7\" value=\"52043\" \/>\n<input type=\"hidden\" name=\"_wpcf7_version\" value=\"4.3\" \/>\n<input type=\"hidden\" name=\"_wpcf7_locale\" value=\"de_DE\" \/>\n<input type=\"hidden\" name=\"_wpcf7_unit_tag\" value=\"wpcf7-f52043-o1\" \/>\n<input type=\"hidden\" name=\"_wpnonce\" value=\"86177f7e8b\" \/>\n<\/div>\n<p>Verwenden Sie f\u00fcr Ihre Buchung jeweils ein Anmeldeformular pro Kursteilnehmer und Kurs. Alle Textfelder m\u00fcssen ausgef\u00fcllt und die AGB abschlie\u00dfend best\u00e4tigt werden, damit Ihre Buchung ber\u00fccksichtigt werden kann.<\/p>\n<p><br\/><\/p>\n<h4><b>Anschrift und Kontakt<\/b><\/h4>\n<p><br\/><\/p>\n<div class=\"four_columns clearfix\">\n<div class=\"column1\">\n<div class=\"column_inner\">\n<p>Vorname*<br \/>\n    <span class=\"wpcf7-form-control-wrap vorname\"><input type=\"text\" name=\"vorname\" value=\"\" size=\"40\" class=\"wpcf7-form-control wpcf7-text wpcf7-validates-as-required\" aria-required=\"true\" aria-invalid=\"false\" \/><\/span> <\/p>\n<\/div>\n<\/div>\n<div class=\"column2\">\n<div class=\"column_inner\">\n<p>Nachname*<br \/>\n    <span class=\"wpcf7-form-control-wrap nachname\"><input type=\"text\" name=\"nachname\" value=\"\" size=\"40\" class=\"wpcf7-form-control wpcf7-text wpcf7-validates-as-required\" aria-required=\"true\" aria-invalid=\"false\" \/><\/span> <\/p>\n<\/div>\n<\/div>\n<div class=\"column3\">\n<div class=\"column_inner\">\n<p>Alter*<br \/>\n    <span class=\"wpcf7-form-control-wrap alter\"><input type=\"text\" name=\"alter\" value=\"\" size=\"40\" class=\"wpcf7-form-control wpcf7-text wpcf7-validates-as-required\" aria-required=\"true\" aria-invalid=\"false\" \/><\/span> <\/p>\n<\/div>\n<\/div>\n<div class=\"column4\">\n<div class=\"column_inner\">\n<\/div>\n<\/div>\n<\/div>\n<p><br\/><\/p>\n<div class=\"four_columns clearfix\">\n<div class=\"column1\">\n<div class=\"column_inner\">\n<p>Stra\u00dfe, Haus-Nr.*<br \/>\n    <span class=\"wpcf7-form-control-wrap anschrift\"><input type=\"text\" name=\"anschrift\" value=\"\" size=\"40\" class=\"wpcf7-form-control wpcf7-text wpcf7-validates-as-required\" aria-required=\"true\" aria-invalid=\"false\" \/><\/span> <\/p>\n<\/div>\n<\/div>\n<div class=\"column2\">\n<div class=\"column_inner\">\n<p>Postleitzahl*<br \/>\n    <span class=\"wpcf7-form-control-wrap plz\"><input type=\"text\" name=\"plz\" value=\"\" size=\"40\" class=\"wpcf7-form-control wpcf7-text wpcf7-validates-as-required\" aria-required=\"true\" aria-invalid=\"false\" \/><\/span> <\/p>\n<\/div>\n<\/div>\n<div class=\"column3\">\n<div class=\"column_inner\">\n<p>Ort*<br \/>\n    <span class=\"wpcf7-form-control-wrap ort\"><input type=\"text\" name=\"ort\" value=\"\" size=\"40\" class=\"wpcf7-form-control wpcf7-text wpcf7-validates-as-required\" aria-required=\"true\" aria-invalid=\"false\" \/><\/span> <\/p>\n<\/div>\n<\/div>\n<div class=\"column4\">\n<div class=\"column_inner\">\n<p>Land*<br \/>\n    <span class=\"wpcf7-form-control-wrap land\"><input type=\"text\" name=\"land\" value=\"\" size=\"40\" class=\"wpcf7-form-control wpcf7-text\" aria-invalid=\"false\" \/><\/span> <\/p>\n<\/div>\n<\/div>\n<\/div>\n<p><br\/><\/p>\n<p>Telefonnummer*<br \/>\n    <span class=\"wpcf7-form-control-wrap telnummer\"><input type=\"text\" name=\"telnummer\" value=\"\" size=\"40\" class=\"wpcf7-form-control wpcf7-text wpcf7-validates-as-required\" aria-required=\"true\" aria-invalid=\"false\" \/><\/span> <\/p>\n<p><br\/><\/p>\n<p>E-Mail-Adresse*<br \/>\n    <span class=\"wpcf7-form-control-wrap your-email\"><input type=\"email\" name=\"your-email\" value=\"\" size=\"40\" class=\"wpcf7-form-control wpcf7-text wpcf7-email wpcf7-validates-as-required wpcf7-validates-as-email\" aria-required=\"true\" aria-invalid=\"false\" \/><\/span> <\/p>\n<p><br\/><\/p>\n<h4><b>Kurs- und Terminwahl<\/b><\/h4>\n<p>N\u00e4here Informationen zu Beginn und Dauer der einzelnen Kurse finden Sie unter <a href=\"https:\/\/www.skischule-hofsgrund.de\/index.php\/kurse\/\">Kursangebot<\/a> oder <a href=\"https:\/\/www.skischule-hofsgrund.de\/index.php\/organisatorisches\/\">Organisatorisches<\/a>.<br\/><\/p>\n<p><br\/><\/p>\n<div class=\"two_columns clearfix\">\n<div class=\"column1\">\n<div class=\"column_inner\">\n<p>Disziplin*<br \/>\n<span class=\"wpcf7-form-control-wrap Disziplin\"><select name=\"Disziplin\" class=\"wpcf7-form-control wpcf7-select wpcf7-validates-as-required\" aria-required=\"true\" aria-invalid=\"false\"><option value=\"Ski\">Ski<\/option><option value=\"Snowboard\">Snowboard<\/option><option value=\"Langlauf\">Langlauf<\/option><option value=\"Schneeschuhwanderung\">Schneeschuhwanderung<\/option><\/select><\/span><\/p>\n<\/div>\n<\/div>\n<\/div>\n<p><br\/><\/p>\n<div class=\"two_columns clearfix\">\n<div class=\"column1\">\n<div class=\"column_inner\">\n<p>Fahrtechnische Selbsteinsch\u00e4tzung*<br \/>\n<span class=\"wpcf7-form-control-wrap Einschaetzung\"><select name=\"Einschaetzung\" class=\"wpcf7-form-control wpcf7-select wpcf7-validates-as-required\" aria-required=\"true\" aria-invalid=\"false\"><option value=\"Anf\u00e4nger\">Anf\u00e4nger<\/option><option value=\"Fortgeschrittener Anf\u00e4nger\">Fortgeschrittener Anf\u00e4nger<\/option><option value=\"Fortgeschrittener\">Fortgeschrittener<\/option><\/select><\/span><\/p>\n<\/div>\n<\/div>\n<\/div>\n<p><br\/><\/p>\n<div class=\"two_columns clearfix\">\n<div class=\"column1\">\n<div class=\"column_inner\">\n<p>Terminwahl Skikurse*<br \/>\n<span class=\"wpcf7-form-control-wrap Skikurse\"><select name=\"Skikurse\" class=\"wpcf7-form-control wpcf7-select wpcf7-validates-as-required\" aria-required=\"true\" aria-invalid=\"false\"><option value=\"Bitte w\u00e4hlen\">Bitte w\u00e4hlen<\/option><option value=\"&nbsp;\">&nbsp;<\/option><option value=\"Weihnachtskurs 27. - 29.12.2025 (3 Tage), 9.30\u201312.30 Uhr, Kursgeb\u00fchr 120,\u2013 \u20ac\">Weihnachtskurs 27. - 29.12.2025 (3 Tage), 9.30\u201312.30 Uhr, Kursgeb\u00fchr 120,\u2013 \u20ac<\/option><option value=\"Weihnachtskurs Kleinkinderkurs (4\u20135 Jahre, 10\u201312 Uhr), Kursgeb\u00fchr 90,\u2013 \u20ac\">Weihnachtskurs Kleinkinderkurs (4\u20135 Jahre, 10\u201312 Uhr), Kursgeb\u00fchr 90,\u2013 \u20ac<\/option><option value=\"&nbsp;\">&nbsp;<\/option><option value=\"Neujahrskurs 02. - 04.01.2026 (3 Tage), 9.30\u201312.30 Uhr, Kursgeb\u00fchr 120,\u2013 \u20ac\">Neujahrskurs 02. - 04.01.2026 (3 Tage), 9.30\u201312.30 Uhr, Kursgeb\u00fchr 120,\u2013 \u20ac<\/option><option value=\"Neujahrskurs Kleinkinderkurs (4\u20135 Jahre, 10\u201312 Uhr), Kursgeb\u00fchr 90,\u2013 \u20ac\">Neujahrskurs Kleinkinderkurs (4\u20135 Jahre, 10\u201312 Uhr), Kursgeb\u00fchr 90,\u2013 \u20ac<\/option><option value=\"&nbsp;\">&nbsp;<\/option><option value=\"Dreik\u00f6nigskurs 05.\/06.01.2026 (2 Tage), 9.30\u201312.30 Uhr, Kursgeb\u00fchr 80,-\u20ac\">Dreik\u00f6nigskurs 05.\/06.01.2026 (2 Tage), 9.30\u201312.30 Uhr, Kursgeb\u00fchr 80,-\u20ac<\/option><option value=\"Dreik\u00f6nigskurs Kleinkinderkurs (4\u20135 Jahre, 10\u201312 Uhr), Kursgeb\u00fchr 60,\u2013 \u20ac\">Dreik\u00f6nigskurs Kleinkinderkurs (4\u20135 Jahre, 10\u201312 Uhr), Kursgeb\u00fchr 60,\u2013 \u20ac<\/option><option value=\"&nbsp;\">&nbsp;<\/option><option value=\"Wochenendkurse\">Wochenendkurse<\/option><option value=\"10.\/11.01.2026 (2 Tage), 9.30\u201312.30 Uhr, Kursgeb\u00fchr 80,\u2013 \u20ac\">10.\/11.01.2026 (2 Tage), 9.30\u201312.30 Uhr, Kursgeb\u00fchr 80,\u2013 \u20ac<\/option><option value=\"10.\/11.01.2026 Kleinkinderkurs (4\u20135 Jahre, 10\u201312 Uhr), Kursgeb\u00fchr 60,\u2013 \u20ac\">10.\/11.01.2026 Kleinkinderkurs (4\u20135 Jahre, 10\u201312 Uhr), Kursgeb\u00fchr 60,\u2013 \u20ac<\/option><option value=\"17.\/18.01.2026 (2 Tage), 9.30\u201312.30 Uhr, Kursgeb\u00fchr 80,\u2013 \u20ac\">17.\/18.01.2026 (2 Tage), 9.30\u201312.30 Uhr, Kursgeb\u00fchr 80,\u2013 \u20ac<\/option><option value=\"17.\/18.01.2026 Kleinkinderkurs (4\u20135 Jahre, 10\u201312 Uhr), Kursgeb\u00fchr 60,\u2013 \u20ac\">17.\/18.01.2026 Kleinkinderkurs (4\u20135 Jahre, 10\u201312 Uhr), Kursgeb\u00fchr 60,\u2013 \u20ac<\/option><option value=\"24.\/25.01.2026 (2 Tage), 9.30\u201312.30 Uhr, Kursgeb\u00fchr 80,\u2013 \u20ac\">24.\/25.01.2026 (2 Tage), 9.30\u201312.30 Uhr, Kursgeb\u00fchr 80,\u2013 \u20ac<\/option><option value=\"24.\/25.01.2026 Kleinkinderkurs (4\u20135 Jahre, 10\u201312 Uhr), Kursgeb\u00fchr 60,\u2013 \u20ac\">24.\/25.01.2026 Kleinkinderkurs (4\u20135 Jahre, 10\u201312 Uhr), Kursgeb\u00fchr 60,\u2013 \u20ac<\/option><option value=\"31.01.\/01.02.2026 (2 Tage), 9.30\u201312.30 Uhr, Kursgeb\u00fchr 80,\u2013 \u20ac\">31.01.\/01.02.2026 (2 Tage), 9.30\u201312.30 Uhr, Kursgeb\u00fchr 80,\u2013 \u20ac<\/option><option value=\"31.01.\/01.02.2026 Kleinkinderkurs (4\u20135 Jahre, 10\u201312 Uhr), Kursgeb\u00fchr 60,\u2013 \u20ac\">31.01.\/01.02.2026 Kleinkinderkurs (4\u20135 Jahre, 10\u201312 Uhr), Kursgeb\u00fchr 60,\u2013 \u20ac<\/option><option value=\"07.\/08.02.2026 (2 Tage), 9.30\u201312.30 Uhr, Kursgeb\u00fchr 80,\u2013 \u20ac\">07.\/08.02.2026 (2 Tage), 9.30\u201312.30 Uhr, Kursgeb\u00fchr 80,\u2013 \u20ac<\/option><option value=\"07.\/08.02.2026 Kleinkinderkurs (4\u20135 Jahre, 10\u201312 Uhr), Kursgeb\u00fchr 60,\u2013 \u20ac\">07.\/08.02.2026 Kleinkinderkurs (4\u20135 Jahre, 10\u201312 Uhr), Kursgeb\u00fchr 60,\u2013 \u20ac<\/option><option value=\"14.\/15.02.2026 (2 Tage), 9.30\u201312.30 Uhr, Kursgeb\u00fchr 80,\u2013 \u20ac\">14.\/15.02.2026 (2 Tage), 9.30\u201312.30 Uhr, Kursgeb\u00fchr 80,\u2013 \u20ac<\/option><option value=\"14.\/15.02.2026 Kleinkinderkurs (4\u20135 Jahre, 10\u201312 Uhr), Kursgeb\u00fchr 60,\u2013 \u20ac\">14.\/15.02.2026 Kleinkinderkurs (4\u20135 Jahre, 10\u201312 Uhr), Kursgeb\u00fchr 60,\u2013 \u20ac<\/option><option value=\"&nbsp;\">&nbsp;<\/option><option value=\"Fastnachtskurs 1\">Fastnachtskurs 1<\/option><option value=\"14.\/15.02.2026 (2 Tage), 9.30\u201312.30 Uhr, Kursgeb\u00fchr 80,\u2013 \u20ac\">14.\/15.02.2026 (2 Tage), 9.30\u201312.30 Uhr, Kursgeb\u00fchr 80,\u2013 \u20ac<\/option><option value=\"14.\/15.02.2026 (2 Tage), Kleinkinderkurs (4\u20135 Jahre, 10\u201312 Uhr), Kursgeb\u00fchr 60,\u2013 \u20ac\">14.\/15.02.2026 (2 Tage), Kleinkinderkurs (4\u20135 Jahre, 10\u201312 Uhr), Kursgeb\u00fchr 60,\u2013 \u20ac<\/option><option value=\"&nbsp;\">&nbsp;<\/option><option value=\"Fastnachtskurs 2\">Fastnachtskurs 2<\/option><option value=\"16.\/17.02.2026 (2 Tage), 9.30\u201312.30 Uhr, Kursgeb\u00fchr 80,\u2013 \u20ac\">16.\/17.02.2026 (2 Tage), 9.30\u201312.30 Uhr, Kursgeb\u00fchr 80,\u2013 \u20ac<\/option><option value=\"16.\/17.02.2026 (2 Tage), Kleinkinderkurs (4\u20135 Jahre, 10\u201312 Uhr), Kursgeb\u00fchr 60,\u2013 \u20ac\">16.\/17.02.2026 (2 Tage), Kleinkinderkurs (4\u20135 Jahre, 10\u201312 Uhr), Kursgeb\u00fchr 60,\u2013 \u20ac<\/option><option value=\"&nbsp;\">&nbsp;<\/option><option value=\"Gruppenkurse, Termine nach Vereinbarung\">Gruppenkurse, Termine nach Vereinbarung<\/option><option value=\"(3 Stunden) Gruppenanmeldung (mind. 5 Personen), Kursgeb\u00fchr 45,\u2013 \u20ac p.P.\">(3 Stunden) Gruppenanmeldung (mind. 5 Personen), Kursgeb\u00fchr 45,\u2013 \u20ac p.P.<\/option><option value=\"&nbsp;\">&nbsp;<\/option><option value=\"Privatstunden, Termine nach Vereinbarung\">Privatstunden, Termine nach Vereinbarung<\/option><option value=\"Privatstunden f\u00fcr Kleinkinder (4\u20135 Jahre) 45,\u2013 \u20ac (1 Stunde), jede weitere Person: zzgl. 10,\u2013 \u20ac pro Stunde\">Privatstunden f\u00fcr Kleinkinder (4\u20135 Jahre) 45,\u2013 \u20ac (1 Stunde), jede weitere Person: zzgl. 10,\u2013 \u20ac pro Stunde<\/option><option value=\"Privatstunden f\u00fcr Kleinkinder (4\u20135 Jahre) 80,\u2013 \u20ac (2 Stunden), jede weitere Person: zzgl. 10,\u2013 \u20ac pro Stunde\">Privatstunden f\u00fcr Kleinkinder (4\u20135 Jahre) 80,\u2013 \u20ac (2 Stunden), jede weitere Person: zzgl. 10,\u2013 \u20ac pro Stunde<\/option><option value=\"Privatstunden f\u00fcr Kinder ab 6 Jahren, Jugendliche und Erwachsene 50,\u2013 \u20ac (1 Stunde), jede weitere Person: zzgl. 10,\u2013 \u20ac pro Stunde\">Privatstunden f\u00fcr Kinder ab 6 Jahren, Jugendliche und Erwachsene 50,\u2013 \u20ac (1 Stunde), jede weitere Person: zzgl. 10,\u2013 \u20ac pro Stunde<\/option><option value=\"Privatstunden f\u00fcr Kinder ab 6 Jahren, Jugendliche und Erwachsene 90,\u2013 \u20ac (2 Stunden), jede weitere Person: zzgl. 10,\u2013 \u20ac pro Stunde\">Privatstunden f\u00fcr Kinder ab 6 Jahren, Jugendliche und Erwachsene 90,\u2013 \u20ac (2 Stunden), jede weitere Person: zzgl. 10,\u2013 \u20ac pro Stunde<\/option><option value=\"&nbsp;\">&nbsp;<\/option><\/select><\/span>\n<\/p>\n<\/div>\n<\/div>\n<\/div>\n<p><br\/><\/p>\n<div class=\"two_columns clearfix\">\n<div class=\"column1\">\n<div class=\"column_inner\">\n<p>Terminwahl Snowboardkurse*<br \/>\n<span class=\"wpcf7-form-control-wrap Snowboardkurse\"><select name=\"Snowboardkurse\" class=\"wpcf7-form-control wpcf7-select wpcf7-validates-as-required\" aria-required=\"true\" aria-invalid=\"false\"><option value=\"Bitte w\u00e4hlen\">Bitte w\u00e4hlen<\/option><option value=\"&nbsp;\">&nbsp;<\/option><option value=\"Weihnachtskurs 27. - 29.12.2025 (3 Tage), Kursgeb\u00fchr 90,\u2013 \u20ac\">Weihnachtskurs 27. - 29.12.2025 (3 Tage), Kursgeb\u00fchr 90,\u2013 \u20ac<\/option><option value=\"&nbsp;\">&nbsp;<\/option><option value=\"Neujahrskurs 02. - 04.01.2026 (3 Tage) 12.45\u201314.45 Uhr Kinder ab 8 Jahren, Jugendliche, Erwachsene, Kursgeb\u00fchr 90,\u2013 \u20ac\">Neujahrskurs 02. - 04.01.2026 (3 Tage) 12.45\u201314.45 Uhr Kinder ab 8 Jahren, Jugendliche, Erwachsene, Kursgeb\u00fchr 90,\u2013 \u20ac<\/option><option value=\"&nbsp;\">&nbsp;<\/option><option value=\"Dreik\u00f6nigskurs 05.\/06.01.2026 (2 Tage) 12.45\u201314.45 Uhr Kinder ab 8 Jahren, Jugendliche, Erwachsene, Kursgeb\u00fchr 60,\u2013 \u20ac\">Dreik\u00f6nigskurs 05.\/06.01.2026 (2 Tage) 12.45\u201314.45 Uhr Kinder ab 8 Jahren, Jugendliche, Erwachsene, Kursgeb\u00fchr 60,\u2013 \u20ac<\/option><option value=\"&nbsp;\">&nbsp;<\/option><option value=\"Wochenendkurse (SA + SO)\">Wochenendkurse (SA + SO)<\/option><option value=\"10.\/11.01.2026 (2 Tage), 12.45-14.45 Uhr, Kinder ab 8 Jahren, Jugendliche, Erwachsene, Kursgeb\u00fchr 60,\u2013 \u20ac\">10.\/11.01.2026 (2 Tage), 12.45-14.45 Uhr, Kinder ab 8 Jahren, Jugendliche, Erwachsene, Kursgeb\u00fchr 60,\u2013 \u20ac<\/option><option value=\"17.\/18.01.2026 (2 Tage), 12.45-14.45 Uhr, Kinder ab 8 Jahren, Jugendliche, Erwachsene, Kursgeb\u00fchr 60,\u2013 \u20ac\">17.\/18.01.2026 (2 Tage), 12.45-14.45 Uhr, Kinder ab 8 Jahren, Jugendliche, Erwachsene, Kursgeb\u00fchr 60,\u2013 \u20ac<\/option><option value=\"24.\/25.01.2026 (2 Tage), 12.45-14.45 Uhr, Kinder ab 8 Jahren, Jugendliche, Erwachsene, Kursgeb\u00fchr 60,\u2013 \u20ac\">24.\/25.01.2026 (2 Tage), 12.45-14.45 Uhr, Kinder ab 8 Jahren, Jugendliche, Erwachsene, Kursgeb\u00fchr 60,\u2013 \u20ac<\/option><option value=\"31.01.\/01.02.2026 (2 Tage), 12.45-14.45 Uhr, Kinder ab 8 Jahren, Jugendliche, Erwachsene, Kursgeb\u00fchr 60,\u2013 \u20ac\">31.01.\/01.02.2026 (2 Tage), 12.45-14.45 Uhr, Kinder ab 8 Jahren, Jugendliche, Erwachsene, Kursgeb\u00fchr 60,\u2013 \u20ac<\/option><option value=\"07.\/08.02.2026 (2 Tage), 12.45-14.45 Uhr, Kinder ab 8 Jahren, Jugendliche, Erwachsene, Kursgeb\u00fchr 60,\u2013 \u20ac\">07.\/08.02.2026 (2 Tage), 12.45-14.45 Uhr, Kinder ab 8 Jahren, Jugendliche, Erwachsene, Kursgeb\u00fchr 60,\u2013 \u20ac<\/option><option value=\"14.\/15.02.2026 (2 Tage), 12.45-14.45 Uhr, Kinder ab 8 Jahren, Jugendliche, Erwachsene, Kursgeb\u00fchr 60,\u2013 \u20ac\">14.\/15.02.2026 (2 Tage), 12.45-14.45 Uhr, Kinder ab 8 Jahren, Jugendliche, Erwachsene, Kursgeb\u00fchr 60,\u2013 \u20ac<\/option><option value=\"&nbsp;\">&nbsp;<\/option><option value=\"Gruppenkurse, Termine nach Vereinbarung\">Gruppenkurse, Termine nach Vereinbarung<\/option><option value=\"(2 Stunden) Gruppenanmeldung (mind. 5 Personen), Kursgeb\u00fchr 35,\u2013 \u20ac p.P.\">(2 Stunden) Gruppenanmeldung (mind. 5 Personen), Kursgeb\u00fchr 35,\u2013 \u20ac p.P.<\/option><option value=\"&nbsp;\">&nbsp;<\/option><option value=\"Privatstunden, Termine nach Vereinbarung\">Privatstunden, Termine nach Vereinbarung<\/option><option value=\"1 Stunde, 1 Person, 50,- \u20ac, jede weitere Person: zzgl. 10,\u2013 \u20ac pro Stunde\">1 Stunde, 1 Person, 50,- \u20ac, jede weitere Person: zzgl. 10,\u2013 \u20ac pro Stunde<\/option><option value=\"2 Stunden, 1 Person, 90,- \u20ac, jede weitere Person: zzgl. 10,\u2013 \u20ac pro Stunde\">2 Stunden, 1 Person, 90,- \u20ac, jede weitere Person: zzgl. 10,\u2013 \u20ac pro Stunde<\/option><option value=\"&nbsp;\">&nbsp;<\/option><\/select><\/span>\n<\/p>\n<\/div>\n<\/div>\n<\/div>\n<p><br\/><\/p>\n<div class=\"two_columns clearfix\">\n<div class=\"column1\">\n<div class=\"column_inner\">\n<p>Terminwahl Langlauf und Schneeschuhwanderungen*<br \/>\n<span class=\"wpcf7-form-control-wrap LanglaufSchneeschuh\"><select name=\"LanglaufSchneeschuh\" class=\"wpcf7-form-control wpcf7-select wpcf7-validates-as-required\" aria-required=\"true\" aria-invalid=\"false\"><option value=\"Bitte w\u00e4hlen\">Bitte w\u00e4hlen<\/option><option value=\"&nbsp;\">&nbsp;<\/option><option value=\"Langlauf klassisch, 2 Tage (jeweils 2 Stunden, 13-15 Uhr)\">Langlauf klassisch, 2 Tage (jeweils 2 Stunden, 13-15 Uhr)<\/option><option value=\"27.\/28.12.2025, Kursgeb\u00fchr 60,- \u20ac\">27.\/28.12.2025, Kursgeb\u00fchr 60,- \u20ac<\/option><option value=\"02.\/03.01.2026, Kursgeb\u00fchr 60,- \u20ac\">02.\/03.01.2026, Kursgeb\u00fchr 60,- \u20ac<\/option><option value=\"&nbsp;\">&nbsp;<\/option><option value=\"Langlauf Skating 2 Tage (jeweils 2 Stunden, 13-15 Uhr)\">Langlauf Skating 2 Tage (jeweils 2 Stunden, 13-15 Uhr)<\/option><option value=\"29.\/30.12.2025, Kursgeb\u00fchr 60,- \u20ac\">29.\/30.12.2025, Kursgeb\u00fchr 60,- \u20ac<\/option><option value=\"05.\/06.01.2026, Kursgeb\u00fchr 60,- \u20ac\">05.\/06.01.2026, Kursgeb\u00fchr 60,- \u20ac<\/option><option value=\"&nbsp;\">&nbsp;<\/option><option value=\"Privatstunden, Termine nach Vereinbarung\">Privatstunden, Termine nach Vereinbarung<\/option><option value=\"1 Stunde, 1 Person, 50,- \u20ac, jede weitere Person: zzgl. 10,\u2013 \u20ac pro Stunde\">1 Stunde, 1 Person, 50,- \u20ac, jede weitere Person: zzgl. 10,\u2013 \u20ac pro Stunde<\/option><option value=\"2 Stunden, 1 Person, 90,- \u20ac, jede weitere Person: zzgl. 10,\u2013 \u20ac pro Stunde\">2 Stunden, 1 Person, 90,- \u20ac, jede weitere Person: zzgl. 10,\u2013 \u20ac pro Stunde<\/option><option value=\"&nbsp;\">&nbsp;<\/option><option value=\"Schneeschuhwanderungen (jeweils ab 15.15 Uhr, Dauer: ca. 2,0 bis 2,5 h mit anschlie\u00dfender Einkehrm\u00f6glichkeit), mind. 5 Personen\">Schneeschuhwanderungen (jeweils ab 15.15 Uhr, Dauer: ca. 2,0 bis 2,5 h mit anschlie\u00dfender Einkehrm\u00f6glichkeit), mind. 5 Personen<\/option><option value=\"Bekanntgabe Termine (nach Schneelage): inkl. Leihausr\u00fcstung, Kursgeb\u00fchr 40,- \u20ac p.P.\">Bekanntgabe Termine (nach Schneelage): inkl. Leihausr\u00fcstung, Kursgeb\u00fchr 40,- \u20ac p.P.<\/option><option value=\"Bekanntgabe Termine (nach Schneelage): exkl. Leihausr\u00fcstung, Kursgeb\u00fchr 25,- \u20ac p.P.\">Bekanntgabe Termine (nach Schneelage): exkl. Leihausr\u00fcstung, Kursgeb\u00fchr 25,- \u20ac p.P.<\/option><option value=\"&nbsp;\">&nbsp;<\/option><\/select><\/span><\/p>\n<\/div>\n<\/div>\n<\/div>\n<p><br\/><\/p>\n<p><br\/><\/p>\n<p><b>Privatstunden Ski oder Snowboard<\/b><br \/>\nTermine nach Vereinbarung, bitte nutzen Sie das Textfeld f\u00fcr die n\u00e4here Abstimmung.\n<\/p>\n<p><br\/><\/p>\n<p><b>Gruppenkurse Ski oder Snowboard <\/b><br \/>\nTermine nach Vereinbarung, mindestens 5 Personen, bitte nutzen Sie das Textfeld f\u00fcr die n\u00e4here Abstimmung.<\/p>\n<p><br\/><\/p>\n<p><b>Sie haben noch Fragen?<\/b><br \/>Bitte nutzen Sie unser Textfeld.<br \/>\n    <span class=\"wpcf7-form-control-wrap your-message\"><textarea name=\"your-message\" cols=\"40\" rows=\"10\" class=\"wpcf7-form-control wpcf7-textarea\" aria-invalid=\"false\"><\/textarea><\/span> <\/p>\n<p><br\/><\/p>\n<h4><b>Zahlungsbedingungen<\/b><\/h4>\n<ul>\n<li>\n<p>Die Kursgeb\u00fchren k\u00f6nnen per \u00dcberweisung oder vor Ort gezahlt werden \u2013 mit EC-Karte oder Bar.<\/p>\n<\/li>\n<li>\n<p>Eine Buchung ist verbindlich nach Best\u00e4tigung per E-Mail.<\/p>\n<\/li>\n<li>\n<p>Eine Zahlungsbest\u00e4tigung erfolgt per separater E-Mail nach Zahlungseingang.<\/p>\n<\/li>\n<li>\n<p>Gebuchte Kurse, die abgesagt werden, m\u00fcssen mit neuem Termin gebucht werden.<\/p>\n<\/li>\n<\/ul>\n<p><br\/><\/p>\n<h4><b>Bankverbindung<\/b><\/h4>\n<p>\nSki- und Snowboardschule Hofsgrund<br \/>\nSparkasse Hochschwarzwald<br \/>\nBLZ: 680 510 04<br \/>\nKto-Nr.: 00 044 261 77<br \/>\nIBAN: DE 68 6805 1004 0004 4261 77<br\/><br\/><\/p>\n<p><span class=\"wpcf7-form-control-wrap acceptance-849\"><input type=\"checkbox\" name=\"acceptance-849\" value=\"1\" class=\"wpcf7-form-control wpcf7-acceptance\" aria-invalid=\"false\" \/><\/span> Ich habe die Hinweise zum <a href=\"https:\/\/www.skischule-hofsgrund.de\/index.php\/datenschutz\/\" target=\"_blank\">Datenschutz<\/a> gelesen und bin damit einverstanden.* <\/p>\n<p><br\/><\/p>\n<p><span class=\"wpcf7-form-control-wrap acceptance-619\"><input type=\"checkbox\" name=\"acceptance-619\" value=\"1\" class=\"wpcf7-form-control wpcf7-acceptance\" aria-invalid=\"false\" \/><\/span> Mit dem Absenden des Formulares best\u00e4tige ich den Inhalt der <a href=\"https:\/\/www.skischule-hofsgrund.de\/index.php\/agb\/\" target=\"_blank\">Allgemeinen Gesch\u00e4ftsbedingungen (AGB)<\/a> und die <a href=\"https:\/\/www.skischule-hofsgrund.de\/index.php\/agb#AGBOnlineVertragsabschluss\" target=\"_blank\">Bedingungen zum Online-Vertragsabschlusses<\/a> vollst\u00e4ndig zur Kenntnis genommen zu haben. Ich m\u00f6chte den Vertrag zu den genannten Konditionen abschlie\u00dfen.* <\/p>\n<p><br\/><br\/><\/p>\n<div><input type=\"submit\" value=\"BUCHEN\" class=\"wpcf7-form-control wpcf7-submit\" \/><\/div>\n<div class=\"wpcf7-response-output wpcf7-display-none\"><\/div><\/form><\/div>    <div class=\"vc_empty_space\"  style=\"height: 80px\" ><span class=\"vc_empty_space_inner\"><div class=\"empty_space_image\"\n                 ><\/div>\n<\/span><\/div>\n\n<\/div><\/div><div class=\"wpb_column vc_column_container vc_col-sm-2\"><div class=\"wpb_wrapper\"><\/div><\/div><\/div><\/div><\/div>\n","protected":false},"excerpt":{"rendered":"Anmeldung 2025\/2026 Anmeldeformular Verwenden Sie f\u00fcr Ihre Buchung jeweils ein Anmeldeformular pro Kursteilnehmer und Kurs. Alle Textfelder m\u00fcssen ausgef\u00fcllt und die AGB abschlie\u00dfend best\u00e4tigt werden, damit Ihre Buchung ber\u00fccksichtigt werden kann. Anschrift und Kontakt Vorname* Nachname* Alter* Stra\u00dfe, Haus-Nr.* Postleitzahl* Ort* Land* Telefonnummer* E-Mail-Adresse* Kurs-...","protected":false},"author":1,"featured_media":0,"parent":0,"menu_order":0,"comment_status":"open","ping_status":"closed","template":"full_width.php","meta":[],"_links":{"self":[{"href":"https:\/\/www.skischule-hofsgrund.de\/index.php\/wp-json\/wp\/v2\/pages\/52045"}],"collection":[{"href":"https:\/\/www.skischule-hofsgrund.de\/index.php\/wp-json\/wp\/v2\/pages"}],"about":[{"href":"https:\/\/www.skischule-hofsgrund.de\/index.php\/wp-json\/wp\/v2\/types\/page"}],"author":[{"embeddable":true,"href":"https:\/\/www.skischule-hofsgrund.de\/index.php\/wp-json\/wp\/v2\/users\/1"}],"replies":[{"embeddable":true,"href":"https:\/\/www.skischule-hofsgrund.de\/index.php\/wp-json\/wp\/v2\/comments?post=52045"}],"version-history":[{"count":2,"href":"https:\/\/www.skischule-hofsgrund.de\/index.php\/wp-json\/wp\/v2\/pages\/52045\/revisions"}],"predecessor-version":[{"id":52049,"href":"https:\/\/www.skischule-hofsgrund.de\/index.php\/wp-json\/wp\/v2\/pages\/52045\/revisions\/52049"}],"wp:attachment":[{"href":"https:\/\/www.skischule-hofsgrund.de\/index.php\/wp-json\/wp\/v2\/media?parent=52045"}],"curies":[{"name":"wp","href":"https:\/\/api.w.org\/{rel}","templated":true}]}}