{"id":51055,"date":"2015-11-03T16:47:58","date_gmt":"2015-11-03T15:47:58","guid":{"rendered":"http:\/\/www.skischule-hofsgrund.de\/?page_id=51055"},"modified":"2024-12-03T13:04:51","modified_gmt":"2024-12-03T12:04:51","slug":"faq","status":"publish","type":"page","link":"https:\/\/www.skischule-hofsgrund.de\/index.php\/faq\/","title":{"rendered":"FAQ"},"content":{"rendered":"<div      class=\"vc_row wpb_row section vc_row-fluid grid_section\" style=' padding-bottom:50px; text-align:left;'><div class=\" section_inner clearfix\"><div class='section_inner_margin clearfix'><div class=\"wpb_column vc_column_container vc_col-sm-2\"><div class=\"wpb_wrapper\"><\/div><\/div><div class=\"wpb_column vc_column_container vc_col-sm-8\"><div class=\"wpb_wrapper\">    <div class=\"vc_empty_space\"  style=\"height: 60px\" ><span class=\"vc_empty_space_inner\"><div class=\"empty_space_image\"\n                 ><\/div>\n<\/span><\/div>\n\n\n\t<div class=\"wpb_text_column wpb_content_element \">\n\t\t<div class=\"wpb_wrapper\">\n\t\t\t<h1 style=\"text-align: center;\">FAQ<\/h1>\n\n\t\t<\/div> \n\t<\/div>     <div class=\"vc_empty_space\"  style=\"height: 30px\" ><span class=\"vc_empty_space_inner\"><div class=\"empty_space_image\"\n                 ><\/div>\n<\/span><\/div>\n\n<div class=\"q_separator_with_icon with_icon  center  \" style=\"\"><div class=\"q_icon_holder\" style=\"bottom:-12.5px;\"><div class=\"q_separator_icon_holder\"><div class=\"q_line_before\"  style=\"border-color: #f0a500;border-bottom-width:4px;width:80px;border-style: solid;margin-bottom:-2px;\"><\/div><span class=\"q_icon_shade q_icon_shortcode font_awesome normal  \"  style=\" \"><i class=\"qode_icon_font_awesome fa  \" style=\"font-size: 25px;line-height:27px; \" ><\/i><\/span><div class=\"q_line_after\"  style=\"border-color: #f0a500;border-bottom-width:4px;width:80px;border-style: solid;margin-bottom:-2px;\"><\/div><\/div><\/div><\/div>    <div class=\"vc_empty_space\"  style=\"height: 40px\" ><span class=\"vc_empty_space_inner\"><div class=\"empty_space_image\"\n                 ><\/div>\n<\/span><\/div>\n\n\n\t<div class=\"wpb_text_column wpb_content_element \">\n\t\t<div class=\"wpb_wrapper\">\n\t\t\t<h2>H\u00e4ufig gestellte Fragen<\/h2>\n\n\t\t<\/div> \n\t<\/div>     <div class=\"vc_empty_space\"  style=\"height: 30px\" ><span class=\"vc_empty_space_inner\"><div class=\"empty_space_image\"\n                 ><\/div>\n<\/span><\/div>\n\n\n\t<div class=\"wpb_text_column wpb_content_element \">\n\t\t<div class=\"wpb_wrapper\">\n\t\t\t<h4><strong>Wie melde ich mich an?<\/strong><\/h4>\n<p class=\"p1\"><span class=\"s1\">Sie k\u00f6nnen sich das Online-Anmeldeformular, per E-Mail, oder telefonisch anmelden.<\/span><\/p>\n\n\t\t<\/div> \n\t<\/div>     <div class=\"vc_empty_space\"  style=\"height: 30px\" ><span class=\"vc_empty_space_inner\"><div class=\"empty_space_image\"\n                 ><\/div>\n<\/span><\/div>\n\n\n\t<div class=\"wpb_text_column wpb_content_element \">\n\t\t<div class=\"wpb_wrapper\">\n\t\t\t<h4><b>Wie werden die Gruppen bei den Skikursen eingeteilt?<\/b><\/h4>\n<p class=\"p1\"><span class=\"s1\">Um eine leistungsgerechte Kurseinteilung aller Altersstufen vornehmen zu k\u00f6nnen, geben Sie uns auf dem Anmeldeformular bitte an: Anf\u00e4nger \u2013 fortgeschrittener Anf\u00e4nger (Sch\u00fcler ist schon F\u00f6rderband oder Lift gefahren) \u2013 Fortgeschrittener (Sch\u00fcler ist schon an verschiedenen Liften gefahren)<\/span><\/p>\n\n\t\t<\/div> \n\t<\/div>     <div class=\"vc_empty_space\"  style=\"height: 30px\" ><span class=\"vc_empty_space_inner\"><div class=\"empty_space_image\"\n                 ><\/div>\n<\/span><\/div>\n\n\n\t<div class=\"wpb_text_column wpb_content_element \">\n\t\t<div class=\"wpb_wrapper\">\n\t\t\t<h4><strong>Was sind Privatstunden?<\/strong><\/h4>\n<p class=\"p1\"><span class=\"s1\">Unterricht f\u00fcr Sie allein oder mit Personen, die auf Ihren Wunsch zusammen unterrichtet werden. Privatstunden f\u00fcr 4- bis 5 J\u00e4hrige k\u00f6nnen stundenweise gebucht werden. F\u00fcr Kinder ab 6 Jahren, Jugendliche und Erwachsene sind Doppelstunden sinnvoll. Bitte rechtzeitig online, telefonisch oder vor Ort buchen, damit ein Skilehrer reserviert wird. Privatstunden an Gruppenkurstagen sind in der Regel ab 13 Uhr, ansonsten ganztags m\u00f6glich. Telefonische Reservierungen werden nach Treu und Glauben best\u00e4tigt. F\u00fcr Privatstunden kann eine Anzahlung gefordert werden.<\/span><\/p>\n\n\t\t<\/div> \n\t<\/div>     <div class=\"vc_empty_space\"  style=\"height: 30px\" ><span class=\"vc_empty_space_inner\"><div class=\"empty_space_image\"\n                 ><\/div>\n<\/span><\/div>\n\n\n\t<div class=\"wpb_text_column wpb_content_element \">\n\t\t<div class=\"wpb_wrapper\">\n\t\t\t<h4><strong>Was mu\u00df ich zum Kurs mitbringen?<\/strong><\/h4>\n<p class=\"p1\"><span class=\"s1\">Wetterfeste Kleidung, die f\u00fcr den Wintersport geeignet ist. Eine vollst\u00e4ndige Ski- bzw. Snowboardausr\u00fcstung mit Helm, Handschuhen, Skistiefeln bzw. Boots, Skist\u00f6cken (au\u00dfer f\u00fcr Kinder im 2-st\u00fcndigen Kurs). Sie haben z.B. die M\u00f6glichkeit, die Ausr\u00fcstung<\/span> bei <a href=\"http:\/\/www.bohny.de\" target=\"_blank\" rel=\"noopener\">Sport Bohny<\/a> in Freiburg, <a href=\"https:\/\/www.sport-eckmann.de\">Sport Eckmann<\/a> in Kirchzarten <span class=\"s1\">oder bei einer Verleihstation Ihrer Wahl auszuleihen. Wir beraten Sie hierzu.<\/span><\/p>\n<p class=\"p1\">\n\n\t\t<\/div> \n\t<\/div>     <div class=\"vc_empty_space\"  style=\"height: 30px\" ><span class=\"vc_empty_space_inner\"><div class=\"empty_space_image\"\n                 ><\/div>\n<\/span><\/div>\n\n\n\t<div class=\"wpb_text_column wpb_content_element \">\n\t\t<div class=\"wpb_wrapper\">\n\t\t\t<h4><strong>Wo erhalte ich Liftkarten?<\/strong><\/h4>\n<p class=\"p1\"><span class=\"s1\">Liftkarten erhalten Sie vor Ort an der Liftkasse oder beim Skilehrer nach Einteilung der Gruppen. Anf\u00e4nger kaufen Karten erst bei Bedarf nach Absprache mit dem Skilehrer.<\/span><\/p>\n\n\t\t<\/div> \n\t<\/div>     <div class=\"vc_empty_space\"  style=\"height: 30px\" ><span class=\"vc_empty_space_inner\"><div class=\"empty_space_image\"\n                 ><\/div>\n<\/span><\/div>\n\n\n\t<div class=\"wpb_text_column wpb_content_element \">\n\t\t<div class=\"wpb_wrapper\">\n\t\t\t<h4><strong>Wie bekomme ich Auskunft \u00fcber Schnee- und Pistenverh\u00e4ltnisse?<\/strong><\/h4>\n<p class=\"p1\"><span class=\"s1\">Am besten \u00fcber die Webcams der Skilifte an denen wir unterrichten. Bei schwierigen Bedingungen wird kurzfristig \u00fcber die Homepage informiert.<\/span><\/p>\n\n\t\t<\/div> \n\t<\/div>     <div class=\"vc_empty_space\"  style=\"height: 30px\" ><span class=\"vc_empty_space_inner\"><div class=\"empty_space_image\"\n                 ><\/div>\n<\/span><\/div>\n\n\n\t<div class=\"wpb_text_column wpb_content_element \">\n\t\t<div class=\"wpb_wrapper\">\n\t\t\t<h4><strong>Wo ist Treffpunkt zu Kursbeginn?<\/strong><\/h4>\n<p class=\"p1\"><span class=\"s1\">Treffpunkt ist an der\u00a0Skischulh\u00fctte neben der Gastst\u00e4tte \u201eHaldenk\u00f6pfle H\u00fctte\u201c. Bei n\u00f6tigem Skigebietswechsel wird kurzfristig \u00fcber die Homepage oder per E-Mail informiert.<\/span><\/p>\n\n\t\t<\/div> \n\t<\/div>     <div class=\"vc_empty_space\"  style=\"height: 30px\" ><span class=\"vc_empty_space_inner\"><div class=\"empty_space_image\"\n                 ><\/div>\n<\/span><\/div>\n\n\n\t<div class=\"wpb_text_column wpb_content_element \">\n\t\t<div class=\"wpb_wrapper\">\n\t\t\t<h4><strong>Was ist bei der Ausr\u00fcstung zu beachten?<\/strong><\/h4>\n<h4><div class='q_list circle circle_number normal'><\/h4>\n<ul>\n<li class=\"li1\"><span class=\"s1\">Skibindungen und Skischuhe m\u00fcssen in einem Fachgesch\u00e4ft aufeinander abgestimmt werden.<\/span><\/li>\n<li class=\"li1\"><span class=\"s1\">Die Kleidung und Skihandschuhe sollten wasserabweisend sein.<\/span><\/li>\n<li class=\"li1\"><span class=\"s1\">Skihelme bieten Sicherheit, jedoch nur, wenn sie der Kopfgr\u00f6\u00dfe entsprechend gew\u00e4hlt werden.<\/span><\/li>\n<li class=\"li1\"><span class=\"s1\">Der Belag der Ski sollte ab und zu gewachst werden.<\/span><\/li>\n<li class=\"li2\"><span class=\"s1\">Alle Skisch\u00fcler ab 6 Jahren ben\u00f6tigen Skist\u00f6cke. Das Handling wird in den Unterricht eingebunden.<\/span><\/li>\n<\/ul>\n<p><\/div>\n\n\t\t<\/div> \n\t<\/div>     <div class=\"vc_empty_space\"  style=\"height: 30px\" ><span class=\"vc_empty_space_inner\"><div class=\"empty_space_image\"\n                 ><\/div>\n<\/span><\/div>\n\n\n\t<div class=\"wpb_text_column wpb_content_element \">\n\t\t<div class=\"wpb_wrapper\">\n\t\t\t<h4><strong>Kann mein Kind nach dem Kurs Lift fahren?<\/strong><\/h4>\n<p class=\"p1\"><span class=\"s1\">Im 3-st\u00fcndigen Kurs ist das Erlernen des Liftens ein fester Bestandteil des Kurses. Im Kleinkinderkurs werden zun\u00e4chst Aufstiegshilfen (Zauberteppich) verwendet, um elementare F\u00e4higkeiten schneller und kraftsparender vermitteln zu k\u00f6nnen. Weitere sinnvolle und moderne\u00a0Hilfsmittel zum schnellen Erlernen der Bremstechnik finden bei uns Anwendung. Sobald eine sichere Bremstechnik der Gruppe erreicht ist, wird der Kinderlift als Aufstiegshilfe angewandt.<\/span><\/p>\n\n\t\t<\/div> \n\t<\/div>     <div class=\"vc_empty_space\"  style=\"height: 30px\" ><span class=\"vc_empty_space_inner\"><div class=\"empty_space_image\"\n                 ><\/div>\n<\/span><\/div>\n\n\n\t<div class=\"wpb_text_column wpb_content_element \">\n\t\t<div class=\"wpb_wrapper\">\n\t\t\t<h4><strong>Wann k\u00f6nnen Kurse abgesagt oder abgebrochen werden?<\/strong><\/h4>\n<p class=\"p1\"><span class=\"s1\">Die Skikurse finden generell bei zumutbaren Pistenbedingungen statt, solange die Skilifte am Haldenk\u00f6pfle oder an anderen ausgew\u00e4hlten Liften in Betrieb sind. Bei unzumutbaren Bedingungen (z.B. Sturm, starker Regen) behalten wir uns vor, den Kurstag abzubrechen \u2013 zum Schutz der Gesundheit aller Teilnehmer und Lehrkr\u00e4fte.<\/span><\/p>\n\n\t\t<\/div> \n\t<\/div>     <div class=\"vc_empty_space\"  style=\"height: 30px\" ><span class=\"vc_empty_space_inner\"><div class=\"empty_space_image\"\n                 ><\/div>\n<\/span><\/div>\n\n\n\t<div class=\"wpb_text_column wpb_content_element \">\n\t\t<div class=\"wpb_wrapper\">\n\t\t\t<h4><strong>Wie und wann erfahre ich von m\u00f6glichen Absagen?<\/strong><\/h4>\n<p class=\"p1\"><span class=\"s1\">Bitte beachten Sie, dass auch bei schlechten Verh\u00e4ltnissen oft erst am Morgen des Kurstages ab 8<span class=\"Apple-converted-space\">\u00a0 <\/span>Uhr eine Entscheidung \u00fcber eine m\u00f6gliche Absage des Kurstages getroffen werden kann. Daher muss eventuell die Fahrt zum Treffpunkt in Kauf genommen werden. Ab 8 Uhr ist eine Information \u00fcber die Mobilnummer 0175 3204441 m\u00f6glich, eventuell steht die Info auf der Homepage.<\/span><\/p>\n\n\t\t<\/div> \n\t<\/div>     <div class=\"vc_empty_space\"  style=\"height: 30px\" ><span class=\"vc_empty_space_inner\"><div class=\"empty_space_image\"\n                 ><\/div>\n<\/span><\/div>\n\n\n\t<div class=\"wpb_text_column wpb_content_element \">\n\t\t<div class=\"wpb_wrapper\">\n\t\t\t<h4><b>Besondere Ma\u00dfnahmen<\/b><\/h4>\n<p class=\"p1\"><span class=\"s1\">Wir halten uns an die gesetzlichen Vorgaben und die Regelungen der Liftbetreiber.<\/span><\/p>\n\n\t\t<\/div> \n\t<\/div>     <div class=\"vc_empty_space\"  style=\"height: 30px\" ><span class=\"vc_empty_space_inner\"><div class=\"empty_space_image\"\n                 ><\/div>\n<\/span><\/div>\n\n\n\t<div class=\"wpb_text_column wpb_content_element \">\n\t\t<div class=\"wpb_wrapper\">\n\t\t\t<h4><strong>An wen wende ich mich bei weiteren Fragen?<\/strong><\/h4>\n<p class=\"p1\"><span class=\"s1\">Fragen, auf die Sie hier keine Auskunft finden, beantwortet Ihnen Skischulleiter Bernhard Rees telefonisch unter 0175 3204441.<\/span><\/p>\n<p class=\"p1\"><span class=\"s1\">Bitte beachten Sie: werktags von 17\u201319 Uhr, an Wochenenden und zu Kurszeiten kann je nach Kursbetrieb nicht immer Auskunft erteilt werden.<\/span><span style=\"font-size: revert; color: initial; font-family: -apple-system, BlinkMacSystemFont, 'Segoe UI', Roboto, Oxygen-Sans, Ubuntu, Cantarell, 'Helvetica Neue', sans-serif;\"><\/p>\n\n\t\t<\/div> \n\t<\/div>     <div class=\"vc_empty_space\"  style=\"height: 80px\" ><span class=\"vc_empty_space_inner\"><div class=\"empty_space_image\"\n                 ><\/div>\n<\/span><\/div>\n\n<\/div><\/div><div class=\"wpb_column vc_column_container vc_col-sm-2\"><div class=\"wpb_wrapper\"><\/div><\/div><\/div><\/div><\/div><\/span><\/p>\n","protected":false},"excerpt":{"rendered":"FAQ H\u00e4ufig gestellte Fragen Wie melde ich mich an? Sie k\u00f6nnen sich das Online-Anmeldeformular, per E-Mail, oder telefonisch anmelden. Wie werden die Gruppen bei den Skikursen eingeteilt? Um eine leistungsgerechte Kurseinteilung aller Altersstufen vornehmen zu k\u00f6nnen, geben Sie uns auf dem Anmeldeformular bitte an: Anf\u00e4nger...","protected":false},"author":1,"featured_media":0,"parent":0,"menu_order":0,"comment_status":"open","ping_status":"open","template":"full_width.php","meta":[],"_links":{"self":[{"href":"https:\/\/www.skischule-hofsgrund.de\/index.php\/wp-json\/wp\/v2\/pages\/51055"}],"collection":[{"href":"https:\/\/www.skischule-hofsgrund.de\/index.php\/wp-json\/wp\/v2\/pages"}],"about":[{"href":"https:\/\/www.skischule-hofsgrund.de\/index.php\/wp-json\/wp\/v2\/types\/page"}],"author":[{"embeddable":true,"href":"https:\/\/www.skischule-hofsgrund.de\/index.php\/wp-json\/wp\/v2\/users\/1"}],"replies":[{"embeddable":true,"href":"https:\/\/www.skischule-hofsgrund.de\/index.php\/wp-json\/wp\/v2\/comments?post=51055"}],"version-history":[{"count":26,"href":"https:\/\/www.skischule-hofsgrund.de\/index.php\/wp-json\/wp\/v2\/pages\/51055\/revisions"}],"predecessor-version":[{"id":51957,"href":"https:\/\/www.skischule-hofsgrund.de\/index.php\/wp-json\/wp\/v2\/pages\/51055\/revisions\/51957"}],"wp:attachment":[{"href":"https:\/\/www.skischule-hofsgrund.de\/index.php\/wp-json\/wp\/v2\/media?parent=51055"}],"curies":[{"name":"wp","href":"https:\/\/api.w.org\/{rel}","templated":true}]}}